{"id":5815,"date":"2025-09-16T17:02:46","date_gmt":"2025-09-16T17:02:46","guid":{"rendered":"https:\/\/desalvatoreconsulting.ch\/politique-de-confidentialite\/"},"modified":"2026-01-19T06:13:14","modified_gmt":"2026-01-19T06:13:14","slug":"politique-de-confidentialite","status":"publish","type":"page","link":"https:\/\/desalvatoreconsulting.ch\/fr\/politique-de-confidentialite\/","title":{"rendered":"Politique de confidentialit\u00e9"},"content":{"rendered":"\t\t<div data-elementor-type=\"wp-page\" data-elementor-id=\"5815\" class=\"elementor elementor-5815 elementor-5665\" data-elementor-post-type=\"page\">\n\t\t\t\t<div class=\"elementor-element elementor-element-70f1ff5 e-flex e-con-boxed e-con e-parent\" data-id=\"70f1ff5\" data-element_type=\"container\">\n\t\t\t\t\t<div class=\"e-con-inner\">\n\t\t\t\t<div class=\"elementor-element elementor-element-c864526 elementor-widget elementor-widget-text-editor\" data-id=\"c864526\" data-element_type=\"widget\" data-widget_type=\"text-editor.default\">\n\t\t\t\t<div class=\"elementor-widget-container\">\n\t\t\t\t\t\t\t\t\t<p class=\"heading-2\">Dans la pr\u00e9sente <strong>politique de confidentialit\u00e9<\/strong>, nous expliquons quelles donn\u00e9es \u00e0 caract\u00e8re personnel nous traitons dans le cadre de nos <strong>activit\u00e9s et de nos op\u00e9rations<\/strong>, y compris notre <strong>site web https:\/\/desalvatoreconsulting.ch\/<\/strong>. En particulier, nous expliquons \u00e0 quelles fins, comment et o\u00f9 nous traitons ces donn\u00e9es \u00e0 caract\u00e8re personnel. Nous expliquons \u00e9galement les droits des personnes dont nous traitons les donn\u00e9es.  <\/p><div><div class=\"w-embed\"><p>Pour les activit\u00e9s et op\u00e9rations individuelles ou suppl\u00e9mentaires, d&rsquo;autres politiques de protection de la vie priv\u00e9e et d&rsquo;autres documents juridiques tels que les conditions g\u00e9n\u00e9rales d&rsquo;utilisation ou les conditions de participation peuvent s&rsquo;appliquer.<\/p><p> <\/p><h2 id=\"kontaktadressen\">1. Adresses de contact<\/h2><p>Responsabilit\u00e9 du traitement des donn\u00e9es \u00e0 caract\u00e8re personnel :<\/p><p><strong>De Salvatore Consulting GmbH<\/strong><br>Bahnhofplatz 1<br>8001 Zurich<br>Suisse<\/p><p><a href=\"mailto:info@desalvatoreconsulting.ch\" target=\"_blank\" rel=\"nofollow noopener\"><span class=\"elementor-icon-list-text\">info@desalvatoreconsulting.ch<\/span><\/a><\/p><p>Nous vous indiquerons si, dans des cas particuliers, il existe d&rsquo;autres responsables du traitement des donn\u00e9es \u00e0 caract\u00e8re personnel.<\/p><h2 id=\"begriffe-rechtsgrundlagen\">2. Conditions et bases juridiques<\/h2><p> <\/p><h3 id=\"begriffe\">2.1 Conditions d&rsquo;utilisation<\/h3><p>Les <strong>donn\u00e9es \u00e0 caract\u00e8re personnel<\/strong> comprennent <em>toutes les<\/em> informations qui se rapportent \u00e0 une personne physique identifi\u00e9e ou identifiable. Une personne <strong>concern\u00e9e<\/strong> est une personne au sujet de laquelle nous traitons des donn\u00e9es \u00e0 caract\u00e8re personnel. <\/p><p>Le <strong>traitement<\/strong> comprend <em>toute<\/em> manipulation de donn\u00e9es \u00e0 caract\u00e8re personnel, <em>quels que soient<\/em> les moyens et les proc\u00e9dures appliqu\u00e9s, par exemple l&rsquo;interrogation, la mise en correspondance, l&rsquo;adaptation, l&rsquo;archivage, la conservation, la lecture, la divulgation, l&rsquo;obtention, l&rsquo;enregistrement, la collecte, la suppression, le d\u00e9voilement, l&rsquo;arrangement, l&rsquo;organisation, le stockage, la modification, la distribution, le lien, la destruction et l&rsquo;utilisation de donn\u00e9es \u00e0 caract\u00e8re personnel.<\/p><p> <\/p><h3 id=\"rechtsgrundlagen\">2.2 Bases juridiques<\/h3><p>Nous traitons les donn\u00e9es personnelles conform\u00e9ment \u00e0 la l\u00e9gislation suisse sur la protection des donn\u00e9es, en particulier la loi <a id=\"99519\" href=\"https:\/\/www.fedlex.admin.ch\/eli\/oc\/2022\/491\/de\" target=\"_blank\" rel=\"nofollow noopener noreferrer\">f\u00e9d\u00e9rale<\/a> sur la protection des donn\u00e9es (LPD) et l&rsquo;<a href=\"https:\/\/www.fedlex.admin.ch\/eli\/oc\/2022\/568\/de\" target=\"_blank\" rel=\"nofollow noopener\">ordonnance relative \u00e0 la loi f\u00e9d\u00e9rale sur la<\/a> protection des donn\u00e9es (ODPD).<\/p><p> <\/p><h2 id=\"art-umfang-zweck\">3. Type, champ d&rsquo;application et objectif<\/h2><p>Nous traitons les donn\u00e9es \u00e0 caract\u00e8re personnel qui sont <em>n\u00e9cessaires<\/em> pour pouvoir mener \u00e0 bien nos activit\u00e9s et op\u00e9rations de mani\u00e8re continue, conviviale, s\u00fbre et fiable. Ces donn\u00e9es personnelles peuvent notamment entrer dans les cat\u00e9gories suivantes : donn\u00e9es de base et de contact, donn\u00e9es relatives au navigateur et \u00e0 l&rsquo;appareil, donn\u00e9es de contenu, m\u00e9tadonn\u00e9es et donn\u00e9es d&rsquo;utilisation, donn\u00e9es de localisation, donn\u00e9es de vente, ainsi que donn\u00e9es contractuelles et de paiement. <\/p><p>Nous traitons les donn\u00e9es \u00e0 caract\u00e8re personnel pendant la <em>dur\u00e9e<\/em> n\u00e9cessaire \u00e0 la (aux) fin(s) respective(s) ou conform\u00e9ment \u00e0 la loi. Les donn\u00e9es \u00e0 caract\u00e8re personnel qui ne sont plus n\u00e9cessaires sont rendues anonymes ou supprim\u00e9es. <\/p><p>Nous pouvons faire traiter des donn\u00e9es \u00e0 caract\u00e8re personnel <em>par des tiers<\/em>. Nous pouvons traiter des donn\u00e9es \u00e0 caract\u00e8re personnel conjointement avec des tiers ou les transf\u00e9rer \u00e0 des tiers. Ces tiers sont notamment des prestataires sp\u00e9cialis\u00e9s dont nous utilisons les services. Nous assurons la protection des donn\u00e9es avec ces tiers \u00e9galement.   <\/p><p>Nous ne traitons les donn\u00e9es \u00e0 caract\u00e8re personnel qu&rsquo;avec le consentement de la personne concern\u00e9e, \u00e0 moins que le traitement ne soit autoris\u00e9 pour d&rsquo;autres raisons juridiques. Le traitement sans consentement peut \u00eatre autoris\u00e9, par exemple, pour ex\u00e9cuter un contrat avec la personne concern\u00e9e et les mesures pr\u00e9contractuelles correspondantes, pour sauvegarder nos int\u00e9r\u00eats l\u00e9gitimes pr\u00e9pond\u00e9rants, parce que le traitement ressort des circonstances ou apr\u00e8s information pr\u00e9alable. <\/p><p>Dans ce contexte, nous traitons en particulier les informations qu&rsquo;une personne concern\u00e9e nous fournit <em>volontairement<\/em> lors d&rsquo;une prise de contact &#8211; par exemple par courrier postal, courriel, messagerie instantan\u00e9e, formulaire de contact, m\u00e9dias sociaux ou t\u00e9l\u00e9phone &#8211; ou lors de l&rsquo;enregistrement d&rsquo;un compte d&rsquo;utilisateur. Nous pouvons stocker ces informations, par exemple, dans un carnet d&rsquo;adresses, dans un syst\u00e8me de gestion de la relation client (CRM) ou avec des outils comparables. Si nous recevons des donn\u00e9es concernant d&rsquo;autres personnes, les personnes qui transmettent ces donn\u00e9es sont tenues d&rsquo;assurer la protection des donn\u00e9es de ces personnes et de garantir l&rsquo;exactitude de ces donn\u00e9es personnelles.  <\/p><p>Nous traitons \u00e9galement les donn\u00e9es \u00e0 caract\u00e8re personnel que nous recevons de tiers, que nous obtenons de sources accessibles au public ou que nous collectons dans le cadre de nos activit\u00e9s et de nos op\u00e9rations, dans la mesure o\u00f9 ce traitement est autoris\u00e9 pour des raisons juridiques.<\/p><p> <\/p><h2 id=\"ausland\">4. Donn\u00e9es personnelles \u00e0 l&rsquo;\u00e9tranger<\/h2><p>En r\u00e8gle g\u00e9n\u00e9rale, nous traitons les donn\u00e9es personnelles en Suisse. Toutefois, nous pouvons \u00e9galement communiquer ou exporter des donn\u00e9es \u00e0 caract\u00e8re personnel vers d&rsquo;autres pays, notamment pour les y traiter ou les faire traiter. <\/p><p>Nous pouvons divulguer des donn\u00e9es \u00e0 caract\u00e8re personnel dans tous les <a href=\"https:\/\/de.wikipedia.org\/wiki\/Liste_der_Staaten_der_Erde#Tabelle\" target=\"_blank\" rel=\"nofollow noopener noreferrer\">pays et territoires de la Terre<\/a> ainsi qu&rsquo;ailleurs dans l&rsquo;<a href=\"https:\/\/www.datenschutzpartner.ch\/2022\/04\/23\/datenschutzerklaerung-daten-export-universum-mond\/\" target=\"_blank\" rel=\"nofollow noopener noreferrer\">univers<\/a>, \u00e0 condition que le droit applicable dans ces pays garantisse une protection ad\u00e9quate des donn\u00e9es, conform\u00e9ment \u00e0 une <a href=\"https:\/\/steigerlegal.ch\/2022\/09\/10\/ndsg-schweiz-staatenliste\/\" target=\"_blank\" rel=\"nofollow noopener noreferrer\">d\u00e9cision du Conseil f\u00e9d\u00e9ral suisse.<\/a><\/p><p>Nous pouvons divulguer des donn\u00e9es \u00e0 caract\u00e8re personnel \u00e0 des \u00c9tats dont la l\u00e9gislation n&rsquo;assure pas une protection ad\u00e9quate des donn\u00e9es, \u00e0 condition qu&rsquo;une protection ad\u00e9quate des donn\u00e9es soit garantie pour d&rsquo;autres raisons. Une protection ad\u00e9quate peut \u00eatre assur\u00e9e, par exemple, par des accords contractuels appropri\u00e9s, sur la base de clauses types de protection des donn\u00e9es, ou par d&rsquo;autres garanties appropri\u00e9es. Dans des cas exceptionnels, nous pouvons exporter des donn\u00e9es \u00e0 caract\u00e8re personnel vers des pays ne b\u00e9n\u00e9ficiant pas d&rsquo;une protection ad\u00e9quate ou appropri\u00e9e si les exigences sp\u00e9cifiques en mati\u00e8re de protection des donn\u00e9es sont respect\u00e9es, par exemple le consentement explicite des personnes concern\u00e9es ou un lien direct avec la conclusion ou l&rsquo;ex\u00e9cution d&rsquo;un contrat. Sur demande, nous nous ferons un plaisir de vous fournir des informations sur les mesures de protection ou une copie de ces mesures.<\/p><p> <\/p><h2 id=\"rechte\">5. Droits des personnes concern\u00e9es<\/h2><p> <\/p><h3 id=\"ansprueche\">5.1 Droits relatifs \u00e0 la protection des donn\u00e9es<\/h3><p>Nous accordons aux personnes concern\u00e9es tous les droits conform\u00e9ment \u00e0 la l\u00e9gislation applicable en mati\u00e8re de protection des donn\u00e9es. En particulier, les personnes concern\u00e9es ont les droits suivants :<\/p><ul><li><strong>L&rsquo;acc\u00e8s :<\/strong> Les personnes concern\u00e9es peuvent demander \u00e0 savoir si nous traitons des donn\u00e9es \u00e0 caract\u00e8re personnel les concernant et, le cas \u00e9ch\u00e9ant, quelles sont les donn\u00e9es \u00e0 caract\u00e8re personnel concern\u00e9es. Les personnes concern\u00e9es re\u00e7oivent \u00e9galement les informations n\u00e9cessaires pour faire valoir leurs droits en mati\u00e8re de protection des donn\u00e9es et pour assurer la transparence. Il s&rsquo;agit des donn\u00e9es \u00e0 caract\u00e8re personnel trait\u00e9es en tant que telles et, entre autres, des d\u00e9tails concernant la finalit\u00e9 du traitement, la p\u00e9riode de conservation, toute divulgation ou exportation de donn\u00e9es vers d&rsquo;autres pays et l&rsquo;origine des donn\u00e9es \u00e0 caract\u00e8re personnel.<\/li><li><strong>Rectification et limitation :<\/strong> Les personnes concern\u00e9es peuvent faire rectifier les donn\u00e9es personnelles inexactes, compl\u00e9ter les donn\u00e9es incompl\u00e8tes et restreindre le traitement de leurs donn\u00e9es.<\/li><li><strong>Effacement et opposition :<\/strong> Les personnes concern\u00e9es peuvent faire effacer leurs donn\u00e9es \u00e0 caract\u00e8re personnel (\u00ab\u00a0droit \u00e0 l&rsquo;oubli\u00a0\u00bb) et s&rsquo;opposer au traitement de leurs donn\u00e9es avec effet pour l&rsquo;avenir.<\/li><li><strong>Fourniture et portabilit\u00e9 des donn\u00e9es :<\/strong> Les personnes concern\u00e9es peuvent demander la fourniture de donn\u00e9es \u00e0 caract\u00e8re personnel ou le transfert de leurs donn\u00e9es \u00e0 un autre responsable du traitement.<\/li><\/ul><p>Nous pouvons diff\u00e9rer, restreindre ou refuser l&rsquo;exercice des droits des personnes concern\u00e9es dans la mesure permise par la loi. Nous pouvons vous indiquer les conditions pr\u00e9alables \u00e0 l&rsquo;exercice des droits en mati\u00e8re de protection des donn\u00e9es. Par exemple, nous pouvons refuser de fournir des informations en tout ou en partie en raison de secrets commerciaux ou de la protection d&rsquo;autres personnes. Nous pouvons \u00e9galement refuser l&rsquo;effacement total ou partiel des donn\u00e9es \u00e0 caract\u00e8re personnel en nous r\u00e9f\u00e9rant aux obligations l\u00e9gales de conservation.<\/p><p>Nous pouvons <em>exceptionnellement<\/em> pr\u00e9voir des frais li\u00e9s \u00e0 l&rsquo;exercice des droits. Nous informerons les personnes concern\u00e9es \u00e0 l&rsquo;avance de ces co\u00fbts.<\/p><p>Nous sommes tenus d&rsquo;identifier les personnes concern\u00e9es qui demandent des informations ou font valoir d&rsquo;autres droits par des mesures appropri\u00e9es. Les personnes concern\u00e9es sont tenues de coop\u00e9rer.<\/p><p> <\/p><h3 id=\"beschwerderecht\">5.2 Droit de d\u00e9poser une plainte<\/h3><p>Les personnes concern\u00e9es ont le droit de faire valoir leurs droits en mati\u00e8re de protection des donn\u00e9es aupr\u00e8s des tribunaux ou de d\u00e9poser une plainte aupr\u00e8s d&rsquo;une autorit\u00e9 de contr\u00f4le comp\u00e9tente en mati\u00e8re de protection des donn\u00e9es.<\/p><\/div><div class=\"w-embed\"><p>L&rsquo;autorit\u00e9 de surveillance de la protection des donn\u00e9es pour les responsables de traitement priv\u00e9s et les organes f\u00e9d\u00e9raux en Suisse est le <a href=\"https:\/\/www.edoeb.admin.ch\/\" target=\"_blank\" rel=\"nofollow noopener noreferrer\">Pr\u00e9pos\u00e9 f\u00e9d\u00e9ral \u00e0 la protection des donn\u00e9es et \u00e0 la transparence<\/a> (PFPDT).<\/p><p> <\/p><h2 id=\"sicherheit\">6. S\u00e9curit\u00e9 des donn\u00e9es<\/h2><p>Nous prenons les mesures techniques et organisationnelles appropri\u00e9es pour garantir un niveau de s\u00e9curit\u00e9 des donn\u00e9es adapt\u00e9 aux risques encourus. Cependant, nous ne pouvons pas garantir une s\u00e9curit\u00e9 absolue des donn\u00e9es.<\/p><p>L&rsquo;acc\u00e8s \u00e0 notre site web est s\u00e9curis\u00e9 par un cryptage de transport (SSL \/ TLS, notamment avec le protocole Hypertext Transfer Protocol Secure, abr\u00e9g\u00e9 HTTPS). La plupart des navigateurs indiquent le cryptage du transport par un cadenas dans la barre d&rsquo;adresse.<\/p><p>Nos communications num\u00e9riques &#8211; comme <em>toute<\/em> communication num\u00e9rique &#8211; sont soumises \u00e0 une surveillance de masse sans motif ni soup\u00e7on et \u00e0 d&rsquo;autres contr\u00f4les par les autorit\u00e9s de s\u00e9curit\u00e9 en Suisse, dans le reste de l&rsquo;Europe, aux \u00c9tats-Unis d&rsquo;Am\u00e9rique (USA) et dans d&rsquo;autres pays. Nous n&rsquo;avons aucune influence directe sur le traitement des donn\u00e9es \u00e0 caract\u00e8re personnel par les services de renseignement, la police et les autres autorit\u00e9s charg\u00e9es de la s\u00e9curit\u00e9.<\/p><p> <\/p><h2 id=\"website\">7. Utilisation du site web<\/h2><p> <\/p><h3 id=\"cookies\">7.1 Cookies<\/h3><p>Nous pouvons utiliser des cookies. Les cookies &#8211; les n\u00f4tres (cookies de premi\u00e8re partie) et ceux des tiers dont nous utilisons les services (cookies de tierce partie) &#8211; sont des donn\u00e9es stock\u00e9es dans le navigateur. Ces donn\u00e9es stock\u00e9es ne doivent pas se limiter aux cookies traditionnels sous forme de texte.<\/p><p>Les cookies peuvent \u00eatre stock\u00e9s dans le navigateur temporairement, sous forme de \u00ab\u00a0cookies de session\u00a0\u00bb, ou pour une p\u00e9riode d\u00e9termin\u00e9e, sous forme de \u00ab\u00a0cookies permanents\u00a0\u00bb. Les \u00ab\u00a0cookies de session\u00a0\u00bb sont automatiquement supprim\u00e9s lorsque le navigateur est ferm\u00e9. Les cookies permanents ont une p\u00e9riode de stockage d\u00e9finie. Les cookies permettent notamment de reconna\u00eetre un navigateur lors d&rsquo;une visite ult\u00e9rieure sur notre site web et donc, par exemple, de mesurer la port\u00e9e de notre site web. Des cookies permanents peuvent \u00e9galement \u00eatre utilis\u00e9s, par exemple, pour le marketing en ligne.<\/p><p>Les cookies peuvent \u00eatre d\u00e9sactiv\u00e9s et supprim\u00e9s<\/p><\/div><\/div>\t\t\t\t\t\t\t\t<\/div>\n\t\t\t\t<\/div>\n\t\t\t\t\t<\/div>\n\t\t\t\t<\/div>\n\t\t\t\t<\/div>\n\t\t","protected":false},"excerpt":{"rendered":"<p>Dans la pr\u00e9sente politique de confidentialit\u00e9, nous expliquons quelles donn\u00e9es \u00e0 caract\u00e8re personnel nous traitons dans le cadre de nos activit\u00e9s et de nos op\u00e9rations, y compris notre site web https:\/\/desalvatoreconsulting.ch\/. En particulier, nous expliquons \u00e0 quelles fins, comment et o\u00f9 nous traitons ces donn\u00e9es \u00e0 caract\u00e8re personnel. Nous expliquons \u00e9galement les droits des personnes [&hellip;]<\/p>\n","protected":false},"author":3,"featured_media":0,"parent":0,"menu_order":0,"comment_status":"closed","ping_status":"closed","template":"","meta":{"footnotes":""},"class_list":["post-5815","page","type-page","status-publish","hentry"],"_links":{"self":[{"href":"https:\/\/desalvatoreconsulting.ch\/fr\/wp-json\/wp\/v2\/pages\/5815","targetHints":{"allow":["GET"]}}],"collection":[{"href":"https:\/\/desalvatoreconsulting.ch\/fr\/wp-json\/wp\/v2\/pages"}],"about":[{"href":"https:\/\/desalvatoreconsulting.ch\/fr\/wp-json\/wp\/v2\/types\/page"}],"author":[{"embeddable":true,"href":"https:\/\/desalvatoreconsulting.ch\/fr\/wp-json\/wp\/v2\/users\/3"}],"replies":[{"embeddable":true,"href":"https:\/\/desalvatoreconsulting.ch\/fr\/wp-json\/wp\/v2\/comments?post=5815"}],"version-history":[{"count":1,"href":"https:\/\/desalvatoreconsulting.ch\/fr\/wp-json\/wp\/v2\/pages\/5815\/revisions"}],"predecessor-version":[{"id":5816,"href":"https:\/\/desalvatoreconsulting.ch\/fr\/wp-json\/wp\/v2\/pages\/5815\/revisions\/5816"}],"wp:attachment":[{"href":"https:\/\/desalvatoreconsulting.ch\/fr\/wp-json\/wp\/v2\/media?parent=5815"}],"curies":[{"name":"wp","href":"https:\/\/api.w.org\/{rel}","templated":true}]}}